{"id":26494,"count":48,"description":"","link":"https:\/\/prilux.es\/familia\/ambora-switch\/","name":"AMBORA SWITCH","slug":"ambora-switch","taxonomy":"familia","parent":0,"meta":[],"acf":{"tipo_de_familia":"Activa","nombre":"Ambora Switch","titular":"","excerpt":"La pantalla estanca AMBORA SWITCH destaca por su versatilidad, rendimiento y robustez. Dise\u00f1ada para entornos industriales, parkings o zonas t\u00e9cnicas, ofrece una iluminaci\u00f3n eficiente y resistente.","galeria_imagenes_principal":[{"ID":2456470,"id":2456470,"title":"prilux-ambora-presentacion","filename":"prilux-ambora-presentacion.webp","filesize":72572,"url":"https:\/\/prilux.es\/wp-content\/uploads\/2026\/04\/prilux-ambora-presentacion.webp","link":"https:\/\/prilux.es\/fr\/prilux-ambora-presentacion-2\/","alt":"","author":"2","description":"","caption":"","name":"prilux-ambora-presentacion-2","status":"inherit","uploaded_to":0,"date":"2026-04-17 09:08:20","modified":"2026-04-17 09:11:52","menu_order":0,"mime_type":"image\/webp","type":"image","subtype":"webp","icon":"https:\/\/prilux.es\/wp-includes\/images\/media\/default.png","width":961,"height":710,"sizes":{"thumbnail":"https:\/\/prilux.es\/wp-content\/uploads\/2026\/04\/prilux-ambora-presentacion-150x150.webp","thumbnail-width":150,"thumbnail-height":150,"medium":"https:\/\/prilux.es\/wp-content\/uploads\/2026\/04\/prilux-ambora-presentacion-300x222.webp","medium-width":300,"medium-height":222,"medium_large":"https:\/\/prilux.es\/wp-content\/uploads\/2026\/04\/prilux-ambora-presentacion-768x567.webp","medium_large-width":640,"medium_large-height":473,"large":"https:\/\/prilux.es\/wp-content\/uploads\/2026\/04\/prilux-ambora-presentacion.webp","large-width":640,"large-height":473,"1536x1536":"https:\/\/prilux.es\/wp-content\/uploads\/2026\/04\/prilux-ambora-presentacion.webp","1536x1536-width":961,"1536x1536-height":710,"2048x2048":"https:\/\/prilux.es\/wp-content\/uploads\/2026\/04\/prilux-ambora-presentacion.webp","2048x2048-width":961,"2048x2048-height":710,"pix-blog-small":"https:\/\/prilux.es\/wp-content\/uploads\/2026\/04\/prilux-ambora-presentacion-622x400.webp","pix-blog-small-width":622,"pix-blog-small-height":400,"pix-portfolio-small":"https:\/\/prilux.es\/wp-content\/uploads\/2026\/04\/prilux-ambora-presentacion-600x450.webp","pix-portfolio-small-width":600,"pix-portfolio-small-height":450,"pix-big":"https:\/\/prilux.es\/wp-content\/uploads\/2026\/04\/prilux-ambora-presentacion-600x450.webp","pix-big-width":600,"pix-big-height":450,"pix-square-sm":"https:\/\/prilux.es\/wp-content\/uploads\/2026\/04\/prilux-ambora-presentacion-400x400.webp","pix-square-sm-width":400,"pix-square-sm-height":400,"pix-woocommerce-xs":"https:\/\/prilux.es\/wp-content\/uploads\/2026\/04\/prilux-ambora-presentacion-75x75.webp","pix-woocommerce-xs-width":75,"pix-woocommerce-xs-height":75,"pix-woocommerce-md":"https:\/\/prilux.es\/wp-content\/uploads\/2026\/04\/prilux-ambora-presentacion-460x460.webp","pix-woocommerce-md-width":460,"pix-woocommerce-md-height":460,"pix-xxl":"https:\/\/prilux.es\/wp-content\/uploads\/2026\/04\/prilux-ambora-presentacion.webp","pix-xxl-width":961,"pix-xxl-height":710,"woocommerce_thumbnail":"https:\/\/prilux.es\/wp-content\/uploads\/2026\/04\/prilux-ambora-presentacion-300x300.webp","woocommerce_thumbnail-width":300,"woocommerce_thumbnail-height":300,"woocommerce_single":"https:\/\/prilux.es\/wp-content\/uploads\/2026\/04\/prilux-ambora-presentacion-600x443.webp","woocommerce_single-width":600,"woocommerce_single-height":443,"woocommerce_gallery_thumbnail":"https:\/\/prilux.es\/wp-content\/uploads\/2026\/04\/prilux-ambora-presentacion-100x100.webp","woocommerce_gallery_thumbnail-width":100,"woocommerce_gallery_thumbnail-height":100,"shop_catalog":"https:\/\/prilux.es\/wp-content\/uploads\/2026\/04\/prilux-ambora-presentacion-300x300.webp","shop_catalog-width":300,"shop_catalog-height":300,"shop_single":"https:\/\/prilux.es\/wp-content\/uploads\/2026\/04\/prilux-ambora-presentacion-600x443.webp","shop_single-width":600,"shop_single-height":443,"shop_thumbnail":"https:\/\/prilux.es\/wp-content\/uploads\/2026\/04\/prilux-ambora-presentacion-100x100.webp","shop_thumbnail-width":100,"shop_thumbnail-height":100}},{"ID":2456478,"id":2456478,"title":"prilux-ambora-detalle","filename":"prilux-ambora-detalle.webp","filesize":139730,"url":"https:\/\/prilux.es\/wp-content\/uploads\/2026\/04\/prilux-ambora-detalle.webp","link":"https:\/\/prilux.es\/fr\/prilux-ambora-detalle-2\/","alt":"","author":"2","description":"","caption":"","name":"prilux-ambora-detalle-2","status":"inherit","uploaded_to":0,"date":"2026-04-17 09:11:36","modified":"2026-04-17 09:11:36","menu_order":0,"mime_type":"image\/webp","type":"image","subtype":"webp","icon":"https:\/\/prilux.es\/wp-includes\/images\/media\/default.png","width":961,"height":710,"sizes":{"thumbnail":"https:\/\/prilux.es\/wp-content\/uploads\/2026\/04\/prilux-ambora-detalle-150x150.webp","thumbnail-width":150,"thumbnail-height":150,"medium":"https:\/\/prilux.es\/wp-content\/uploads\/2026\/04\/prilux-ambora-detalle-300x222.webp","medium-width":300,"medium-height":222,"medium_large":"https:\/\/prilux.es\/wp-content\/uploads\/2026\/04\/prilux-ambora-detalle-768x567.webp","medium_large-width":640,"medium_large-height":473,"large":"https:\/\/prilux.es\/wp-content\/uploads\/2026\/04\/prilux-ambora-detalle.webp","large-width":640,"large-height":473,"1536x1536":"https:\/\/prilux.es\/wp-content\/uploads\/2026\/04\/prilux-ambora-detalle.webp","1536x1536-width":961,"1536x1536-height":710,"2048x2048":"https:\/\/prilux.es\/wp-content\/uploads\/2026\/04\/prilux-ambora-detalle.webp","2048x2048-width":961,"2048x2048-height":710,"pix-blog-small":"https:\/\/prilux.es\/wp-content\/uploads\/2026\/04\/prilux-ambora-detalle-622x400.webp","pix-blog-small-width":622,"pix-blog-small-height":400,"pix-portfolio-small":"https:\/\/prilux.es\/wp-content\/uploads\/2026\/04\/prilux-ambora-detalle-600x450.webp","pix-portfolio-small-width":600,"pix-portfolio-small-height":450,"pix-big":"https:\/\/prilux.es\/wp-content\/uploads\/2026\/04\/prilux-ambora-detalle-600x450.webp","pix-big-width":600,"pix-big-height":450,"pix-square-sm":"https:\/\/prilux.es\/wp-content\/uploads\/2026\/04\/prilux-ambora-detalle-400x400.webp","pix-square-sm-width":400,"pix-square-sm-height":400,"pix-woocommerce-xs":"https:\/\/prilux.es\/wp-content\/uploads\/2026\/04\/prilux-ambora-detalle-75x75.webp","pix-woocommerce-xs-width":75,"pix-woocommerce-xs-height":75,"pix-woocommerce-md":"https:\/\/prilux.es\/wp-content\/uploads\/2026\/04\/prilux-ambora-detalle-460x460.webp","pix-woocommerce-md-width":460,"pix-woocommerce-md-height":460,"pix-xxl":"https:\/\/prilux.es\/wp-content\/uploads\/2026\/04\/prilux-ambora-detalle.webp","pix-xxl-width":961,"pix-xxl-height":710,"woocommerce_thumbnail":"https:\/\/prilux.es\/wp-content\/uploads\/2026\/04\/prilux-ambora-detalle-300x300.webp","woocommerce_thumbnail-width":300,"woocommerce_thumbnail-height":300,"woocommerce_single":"https:\/\/prilux.es\/wp-content\/uploads\/2026\/04\/prilux-ambora-detalle-600x443.webp","woocommerce_single-width":600,"woocommerce_single-height":443,"woocommerce_gallery_thumbnail":"https:\/\/prilux.es\/wp-content\/uploads\/2026\/04\/prilux-ambora-detalle-100x100.webp","woocommerce_gallery_thumbnail-width":100,"woocommerce_gallery_thumbnail-height":100,"shop_catalog":"https:\/\/prilux.es\/wp-content\/uploads\/2026\/04\/prilux-ambora-detalle-300x300.webp","shop_catalog-width":300,"shop_catalog-height":300,"shop_single":"https:\/\/prilux.es\/wp-content\/uploads\/2026\/04\/prilux-ambora-detalle-600x443.webp","shop_single-width":600,"shop_single-height":443,"shop_thumbnail":"https:\/\/prilux.es\/wp-content\/uploads\/2026\/04\/prilux-ambora-detalle-100x100.webp","shop_thumbnail-width":100,"shop_thumbnail-height":100}},{"ID":2456482,"id":2456482,"title":"prilux-ambora-modelos","filename":"prilux-ambora-modelos.webp","filesize":132732,"url":"https:\/\/prilux.es\/wp-content\/uploads\/2026\/04\/prilux-ambora-modelos.webp","link":"https:\/\/prilux.es\/fr\/prilux-ambora-modelos-2\/","alt":"","author":"2","description":"","caption":"","name":"prilux-ambora-modelos-2","status":"inherit","uploaded_to":0,"date":"2026-04-17 09:11:38","modified":"2026-04-17 09:11:38","menu_order":0,"mime_type":"image\/webp","type":"image","subtype":"webp","icon":"https:\/\/prilux.es\/wp-includes\/images\/media\/default.png","width":961,"height":710,"sizes":{"thumbnail":"https:\/\/prilux.es\/wp-content\/uploads\/2026\/04\/prilux-ambora-modelos-150x150.webp","thumbnail-width":150,"thumbnail-height":150,"medium":"https:\/\/prilux.es\/wp-content\/uploads\/2026\/04\/prilux-ambora-modelos-300x222.webp","medium-width":300,"medium-height":222,"medium_large":"https:\/\/prilux.es\/wp-content\/uploads\/2026\/04\/prilux-ambora-modelos-768x567.webp","medium_large-width":640,"medium_large-height":473,"large":"https:\/\/prilux.es\/wp-content\/uploads\/2026\/04\/prilux-ambora-modelos.webp","large-width":640,"large-height":473,"1536x1536":"https:\/\/prilux.es\/wp-content\/uploads\/2026\/04\/prilux-ambora-modelos.webp","1536x1536-width":961,"1536x1536-height":710,"2048x2048":"https:\/\/prilux.es\/wp-content\/uploads\/2026\/04\/prilux-ambora-modelos.webp","2048x2048-width":961,"2048x2048-height":710,"pix-blog-small":"https:\/\/prilux.es\/wp-content\/uploads\/2026\/04\/prilux-ambora-modelos-622x400.webp","pix-blog-small-width":622,"pix-blog-small-height":400,"pix-portfolio-small":"https:\/\/prilux.es\/wp-content\/uploads\/2026\/04\/prilux-ambora-modelos-600x450.webp","pix-portfolio-small-width":600,"pix-portfolio-small-height":450,"pix-big":"https:\/\/prilux.es\/wp-content\/uploads\/2026\/04\/prilux-ambora-modelos-600x450.webp","pix-big-width":600,"pix-big-height":450,"pix-square-sm":"https:\/\/prilux.es\/wp-content\/uploads\/2026\/04\/prilux-ambora-modelos-400x400.webp","pix-square-sm-width":400,"pix-square-sm-height":400,"pix-woocommerce-xs":"https:\/\/prilux.es\/wp-content\/uploads\/2026\/04\/prilux-ambora-modelos-75x75.webp","pix-woocommerce-xs-width":75,"pix-woocommerce-xs-height":75,"pix-woocommerce-md":"https:\/\/prilux.es\/wp-content\/uploads\/2026\/04\/prilux-ambora-modelos-460x460.webp","pix-woocommerce-md-width":460,"pix-woocommerce-md-height":460,"pix-xxl":"https:\/\/prilux.es\/wp-content\/uploads\/2026\/04\/prilux-ambora-modelos.webp","pix-xxl-width":961,"pix-xxl-height":710,"woocommerce_thumbnail":"https:\/\/prilux.es\/wp-content\/uploads\/2026\/04\/prilux-ambora-modelos-300x300.webp","woocommerce_thumbnail-width":300,"woocommerce_thumbnail-height":300,"woocommerce_single":"https:\/\/prilux.es\/wp-content\/uploads\/2026\/04\/prilux-ambora-modelos-600x443.webp","woocommerce_single-width":600,"woocommerce_single-height":443,"woocommerce_gallery_thumbnail":"https:\/\/prilux.es\/wp-content\/uploads\/2026\/04\/prilux-ambora-modelos-100x100.webp","woocommerce_gallery_thumbnail-width":100,"woocommerce_gallery_thumbnail-height":100,"shop_catalog":"https:\/\/prilux.es\/wp-content\/uploads\/2026\/04\/prilux-ambora-modelos-300x300.webp","shop_catalog-width":300,"shop_catalog-height":300,"shop_single":"https:\/\/prilux.es\/wp-content\/uploads\/2026\/04\/prilux-ambora-modelos-600x443.webp","shop_single-width":600,"shop_single-height":443,"shop_thumbnail":"https:\/\/prilux.es\/wp-content\/uploads\/2026\/04\/prilux-ambora-modelos-100x100.webp","shop_thumbnail-width":100,"shop_thumbnail-height":100}},{"ID":2456474,"id":2456474,"title":"prilux-ambora anclaje","filename":"prilux-ambora-anclaje.webp","filesize":372490,"url":"https:\/\/prilux.es\/wp-content\/uploads\/2026\/04\/prilux-ambora-anclaje.webp","link":"https:\/\/prilux.es\/fr\/prilux-ambora-anclaje-2\/","alt":"","author":"2","description":"","caption":"","name":"prilux-ambora-anclaje-2","status":"inherit","uploaded_to":0,"date":"2026-04-17 09:11:34","modified":"2026-04-17 09:11:34","menu_order":0,"mime_type":"image\/webp","type":"image","subtype":"webp","icon":"https:\/\/prilux.es\/wp-includes\/images\/media\/default.png","width":961,"height":710,"sizes":{"thumbnail":"https:\/\/prilux.es\/wp-content\/uploads\/2026\/04\/prilux-ambora-anclaje-150x150.webp","thumbnail-width":150,"thumbnail-height":150,"medium":"https:\/\/prilux.es\/wp-content\/uploads\/2026\/04\/prilux-ambora-anclaje-300x222.webp","medium-width":300,"medium-height":222,"medium_large":"https:\/\/prilux.es\/wp-content\/uploads\/2026\/04\/prilux-ambora-anclaje-768x567.webp","medium_large-width":640,"medium_large-height":473,"large":"https:\/\/prilux.es\/wp-content\/uploads\/2026\/04\/prilux-ambora-anclaje.webp","large-width":640,"large-height":473,"1536x1536":"https:\/\/prilux.es\/wp-content\/uploads\/2026\/04\/prilux-ambora-anclaje.webp","1536x1536-width":961,"1536x1536-height":710,"2048x2048":"https:\/\/prilux.es\/wp-content\/uploads\/2026\/04\/prilux-ambora-anclaje.webp","2048x2048-width":961,"2048x2048-height":710,"pix-blog-small":"https:\/\/prilux.es\/wp-content\/uploads\/2026\/04\/prilux-ambora-anclaje-622x400.webp","pix-blog-small-width":622,"pix-blog-small-height":400,"pix-portfolio-small":"https:\/\/prilux.es\/wp-content\/uploads\/2026\/04\/prilux-ambora-anclaje-600x450.webp","pix-portfolio-small-width":600,"pix-portfolio-small-height":450,"pix-big":"https:\/\/prilux.es\/wp-content\/uploads\/2026\/04\/prilux-ambora-anclaje-600x450.webp","pix-big-width":600,"pix-big-height":450,"pix-square-sm":"https:\/\/prilux.es\/wp-content\/uploads\/2026\/04\/prilux-ambora-anclaje-400x400.webp","pix-square-sm-width":400,"pix-square-sm-height":400,"pix-woocommerce-xs":"https:\/\/prilux.es\/wp-content\/uploads\/2026\/04\/prilux-ambora-anclaje-75x75.webp","pix-woocommerce-xs-width":75,"pix-woocommerce-xs-height":75,"pix-woocommerce-md":"https:\/\/prilux.es\/wp-content\/uploads\/2026\/04\/prilux-ambora-anclaje-460x460.webp","pix-woocommerce-md-width":460,"pix-woocommerce-md-height":460,"pix-xxl":"https:\/\/prilux.es\/wp-content\/uploads\/2026\/04\/prilux-ambora-anclaje.webp","pix-xxl-width":961,"pix-xxl-height":710,"woocommerce_thumbnail":"https:\/\/prilux.es\/wp-content\/uploads\/2026\/04\/prilux-ambora-anclaje-300x300.webp","woocommerce_thumbnail-width":300,"woocommerce_thumbnail-height":300,"woocommerce_single":"https:\/\/prilux.es\/wp-content\/uploads\/2026\/04\/prilux-ambora-anclaje-600x443.webp","woocommerce_single-width":600,"woocommerce_single-height":443,"woocommerce_gallery_thumbnail":"https:\/\/prilux.es\/wp-content\/uploads\/2026\/04\/prilux-ambora-anclaje-100x100.webp","woocommerce_gallery_thumbnail-width":100,"woocommerce_gallery_thumbnail-height":100,"shop_catalog":"https:\/\/prilux.es\/wp-content\/uploads\/2026\/04\/prilux-ambora-anclaje-300x300.webp","shop_catalog-width":300,"shop_catalog-height":300,"shop_single":"https:\/\/prilux.es\/wp-content\/uploads\/2026\/04\/prilux-ambora-anclaje-600x443.webp","shop_single-width":600,"shop_single-height":443,"shop_thumbnail":"https:\/\/prilux.es\/wp-content\/uploads\/2026\/04\/prilux-ambora-anclaje-100x100.webp","shop_thumbnail-width":100,"shop_thumbnail-height":100}},{"ID":2456486,"id":2456486,"title":"prilux-ambora-modulo","filename":"prilux-ambora-modulo.webp","filesize":448678,"url":"https:\/\/prilux.es\/wp-content\/uploads\/2026\/04\/prilux-ambora-modulo.webp","link":"https:\/\/prilux.es\/fr\/prilux-ambora-modulo-2\/","alt":"","author":"2","description":"","caption":"","name":"prilux-ambora-modulo-2","status":"inherit","uploaded_to":0,"date":"2026-04-17 09:11:41","modified":"2026-04-17 09:11:41","menu_order":0,"mime_type":"image\/webp","type":"image","subtype":"webp","icon":"https:\/\/prilux.es\/wp-includes\/images\/media\/default.png","width":961,"height":710,"sizes":{"thumbnail":"https:\/\/prilux.es\/wp-content\/uploads\/2026\/04\/prilux-ambora-modulo-150x150.webp","thumbnail-width":150,"thumbnail-height":150,"medium":"https:\/\/prilux.es\/wp-content\/uploads\/2026\/04\/prilux-ambora-modulo-300x222.webp","medium-width":300,"medium-height":222,"medium_large":"https:\/\/prilux.es\/wp-content\/uploads\/2026\/04\/prilux-ambora-modulo-768x567.webp","medium_large-width":640,"medium_large-height":473,"large":"https:\/\/prilux.es\/wp-content\/uploads\/2026\/04\/prilux-ambora-modulo.webp","large-width":640,"large-height":473,"1536x1536":"https:\/\/prilux.es\/wp-content\/uploads\/2026\/04\/prilux-ambora-modulo.webp","1536x1536-width":961,"1536x1536-height":710,"2048x2048":"https:\/\/prilux.es\/wp-content\/uploads\/2026\/04\/prilux-ambora-modulo.webp","2048x2048-width":961,"2048x2048-height":710,"pix-blog-small":"https:\/\/prilux.es\/wp-content\/uploads\/2026\/04\/prilux-ambora-modulo-622x400.webp","pix-blog-small-width":622,"pix-blog-small-height":400,"pix-portfolio-small":"https:\/\/prilux.es\/wp-content\/uploads\/2026\/04\/prilux-ambora-modulo-600x450.webp","pix-portfolio-small-width":600,"pix-portfolio-small-height":450,"pix-big":"https:\/\/prilux.es\/wp-content\/uploads\/2026\/04\/prilux-ambora-modulo-600x450.webp","pix-big-width":600,"pix-big-height":450,"pix-square-sm":"https:\/\/prilux.es\/wp-content\/uploads\/2026\/04\/prilux-ambora-modulo-400x400.webp","pix-square-sm-width":400,"pix-square-sm-height":400,"pix-woocommerce-xs":"https:\/\/prilux.es\/wp-content\/uploads\/2026\/04\/prilux-ambora-modulo-75x75.webp","pix-woocommerce-xs-width":75,"pix-woocommerce-xs-height":75,"pix-woocommerce-md":"https:\/\/prilux.es\/wp-content\/uploads\/2026\/04\/prilux-ambora-modulo-460x460.webp","pix-woocommerce-md-width":460,"pix-woocommerce-md-height":460,"pix-xxl":"https:\/\/prilux.es\/wp-content\/uploads\/2026\/04\/prilux-ambora-modulo.webp","pix-xxl-width":961,"pix-xxl-height":710,"woocommerce_thumbnail":"https:\/\/prilux.es\/wp-content\/uploads\/2026\/04\/prilux-ambora-modulo-300x300.webp","woocommerce_thumbnail-width":300,"woocommerce_thumbnail-height":300,"woocommerce_single":"https:\/\/prilux.es\/wp-content\/uploads\/2026\/04\/prilux-ambora-modulo-600x443.webp","woocommerce_single-width":600,"woocommerce_single-height":443,"woocommerce_gallery_thumbnail":"https:\/\/prilux.es\/wp-content\/uploads\/2026\/04\/prilux-ambora-modulo-100x100.webp","woocommerce_gallery_thumbnail-width":100,"woocommerce_gallery_thumbnail-height":100,"shop_catalog":"https:\/\/prilux.es\/wp-content\/uploads\/2026\/04\/prilux-ambora-modulo-300x300.webp","shop_catalog-width":300,"shop_catalog-height":300,"shop_single":"https:\/\/prilux.es\/wp-content\/uploads\/2026\/04\/prilux-ambora-modulo-600x443.webp","shop_single-width":600,"shop_single-height":443,"shop_thumbnail":"https:\/\/prilux.es\/wp-content\/uploads\/2026\/04\/prilux-ambora-modulo-100x100.webp","shop_thumbnail-width":100,"shop_thumbnail-height":100}},{"ID":2456490,"id":2456490,"title":"prilux-ambora-switch","filename":"prilux-ambora-switch.webp","filesize":535018,"url":"https:\/\/prilux.es\/wp-content\/uploads\/2026\/04\/prilux-ambora-switch.webp","link":"https:\/\/prilux.es\/fr\/prilux-ambora-switch-2\/","alt":"","author":"2","description":"","caption":"","name":"prilux-ambora-switch-2","status":"inherit","uploaded_to":0,"date":"2026-04-17 09:11:43","modified":"2026-04-17 09:11:43","menu_order":0,"mime_type":"image\/webp","type":"image","subtype":"webp","icon":"https:\/\/prilux.es\/wp-includes\/images\/media\/default.png","width":961,"height":710,"sizes":{"thumbnail":"https:\/\/prilux.es\/wp-content\/uploads\/2026\/04\/prilux-ambora-switch-150x150.webp","thumbnail-width":150,"thumbnail-height":150,"medium":"https:\/\/prilux.es\/wp-content\/uploads\/2026\/04\/prilux-ambora-switch-300x222.webp","medium-width":300,"medium-height":222,"medium_large":"https:\/\/prilux.es\/wp-content\/uploads\/2026\/04\/prilux-ambora-switch-768x567.webp","medium_large-width":640,"medium_large-height":473,"large":"https:\/\/prilux.es\/wp-content\/uploads\/2026\/04\/prilux-ambora-switch.webp","large-width":640,"large-height":473,"1536x1536":"https:\/\/prilux.es\/wp-content\/uploads\/2026\/04\/prilux-ambora-switch.webp","1536x1536-width":961,"1536x1536-height":710,"2048x2048":"https:\/\/prilux.es\/wp-content\/uploads\/2026\/04\/prilux-ambora-switch.webp","2048x2048-width":961,"2048x2048-height":710,"pix-blog-small":"https:\/\/prilux.es\/wp-content\/uploads\/2026\/04\/prilux-ambora-switch-622x400.webp","pix-blog-small-width":622,"pix-blog-small-height":400,"pix-portfolio-small":"https:\/\/prilux.es\/wp-content\/uploads\/2026\/04\/prilux-ambora-switch-600x450.webp","pix-portfolio-small-width":600,"pix-portfolio-small-height":450,"pix-big":"https:\/\/prilux.es\/wp-content\/uploads\/2026\/04\/prilux-ambora-switch-600x450.webp","pix-big-width":600,"pix-big-height":450,"pix-square-sm":"https:\/\/prilux.es\/wp-content\/uploads\/2026\/04\/prilux-ambora-switch-400x400.webp","pix-square-sm-width":400,"pix-square-sm-height":400,"pix-woocommerce-xs":"https:\/\/prilux.es\/wp-content\/uploads\/2026\/04\/prilux-ambora-switch-75x75.webp","pix-woocommerce-xs-width":75,"pix-woocommerce-xs-height":75,"pix-woocommerce-md":"https:\/\/prilux.es\/wp-content\/uploads\/2026\/04\/prilux-ambora-switch-460x460.webp","pix-woocommerce-md-width":460,"pix-woocommerce-md-height":460,"pix-xxl":"https:\/\/prilux.es\/wp-content\/uploads\/2026\/04\/prilux-ambora-switch.webp","pix-xxl-width":961,"pix-xxl-height":710,"woocommerce_thumbnail":"https:\/\/prilux.es\/wp-content\/uploads\/2026\/04\/prilux-ambora-switch-300x300.webp","woocommerce_thumbnail-width":300,"woocommerce_thumbnail-height":300,"woocommerce_single":"https:\/\/prilux.es\/wp-content\/uploads\/2026\/04\/prilux-ambora-switch-600x443.webp","woocommerce_single-width":600,"woocommerce_single-height":443,"woocommerce_gallery_thumbnail":"https:\/\/prilux.es\/wp-content\/uploads\/2026\/04\/prilux-ambora-switch-100x100.webp","woocommerce_gallery_thumbnail-width":100,"woocommerce_gallery_thumbnail-height":100,"shop_catalog":"https:\/\/prilux.es\/wp-content\/uploads\/2026\/04\/prilux-ambora-switch-300x300.webp","shop_catalog-width":300,"shop_catalog-height":300,"shop_single":"https:\/\/prilux.es\/wp-content\/uploads\/2026\/04\/prilux-ambora-switch-600x443.webp","shop_single-width":600,"shop_single-height":443,"shop_thumbnail":"https:\/\/prilux.es\/wp-content\/uploads\/2026\/04\/prilux-ambora-switch-100x100.webp","shop_thumbnail-width":100,"shop_thumbnail-height":100}}],"caracteristicas_city_1_texto":"18W\/36W\/50W","caracteristicas_city_2_texto":"Hasta 7.080lm","caracteristicas_city_3_texto":"3.000K\/4.000K\/6.500K (Switch)","caracteristicas_city_4_texto":"IP66","caracteristicas_city_5_texto":"IK08","caracteristicas_city_6_texto":"L79B50>50.000h","caracteristica_1_nombre":"","caracteristica_2_nombre":"","caracteristica_3_nombre":"","caracteristica_4_nombre":"","caracteristica_5_nombre":"","caracteristica_6_nombre":"","aplicacion_1_titulo":"Industria\/Log\u00edstica","aplicacion_2_titulo":"Parkings Cubiertos","aplicacion_3_titulo":"Zonas Industriales","aplicacion_4_titulo":"","aplicacion_5_titulo":"","aplicacion_6_titulo":"","aplicacion_7_titulo":"","aplicacion_8_titulo":"","modelo_1_nombre":"<div class=\"tabs-prilux\">\r\n<p>Ambora Switch<\/p>\r\n<img src=\"\/wp-content\/uploads\/2026\/02\/prilux-ambora-presentacion.webp\"\/>\r\n<\/div>","modelo_1_Tabla":"[product_table id=\"17772\" skus=\"PPRIL00000684279,PPRIL00000684286,PPRIL00000684293,PPRIL00000690973,PPRIL00000690980,PPRIL00000690997\"]","modelo_2_nombre":"","modelo_2_tabla":"","modelo_3_nombre":"","modelo_3_tabla":"","modelo_4_nombre":"","modelo_4_tabla":"","modelo_5_nombre":"","modelo_5_tabla":"","compatibilidad_1_titulo":"","compatibilidad_1_descripcion":"","compatibilidad_1_enlace":"","compatibilidad_2_titulo":"","compatibilidad_2_descripcion":"","compatibilidad_2_enlace":"","caracteristicas_city_1_imagen":{"ID":59230,"id":59230,"title":"gs-potencia","filename":"gs-potencia.svg","filesize":250,"url":"https:\/\/prilux.es\/wp-content\/uploads\/2022\/04\/gs-potencia.svg","link":"https:\/\/prilux.es\/fr\/gs-potencia-2\/","alt":"","author":"2","description":"","caption":"","name":"gs-potencia-2","status":"inherit","uploaded_to":0,"date":"2022-04-19 13:50:00","modified":"2022-04-19 13:50:00","menu_order":0,"mime_type":"image\/svg+xml","type":"image","subtype":"svg+xml","icon":"https:\/\/prilux.es\/wp-includes\/images\/media\/default.png","width":0,"height":0,"sizes":{"thumbnail":"https:\/\/prilux.es\/wp-content\/uploads\/2022\/04\/gs-potencia.svg","thumbnail-width":1,"thumbnail-height":1,"medium":"https:\/\/prilux.es\/wp-content\/uploads\/2022\/04\/gs-potencia.svg","medium-width":1,"medium-height":1,"medium_large":"https:\/\/prilux.es\/wp-content\/uploads\/2022\/04\/gs-potencia.svg","medium_large-width":1,"medium_large-height":1,"large":"https:\/\/prilux.es\/wp-content\/uploads\/2022\/04\/gs-potencia.svg","large-width":1,"large-height":1,"1536x1536":"https:\/\/prilux.es\/wp-content\/uploads\/2022\/04\/gs-potencia.svg","1536x1536-width":1,"1536x1536-height":1,"2048x2048":"https:\/\/prilux.es\/wp-content\/uploads\/2022\/04\/gs-potencia.svg","2048x2048-width":1,"2048x2048-height":1,"pix-blog-small":"https:\/\/prilux.es\/wp-content\/uploads\/2022\/04\/gs-potencia.svg","pix-blog-small-width":1,"pix-blog-small-height":1,"pix-portfolio-small":"https:\/\/prilux.es\/wp-content\/uploads\/2022\/04\/gs-potencia.svg","pix-portfolio-small-width":1,"pix-portfolio-small-height":1,"pix-big":"https:\/\/prilux.es\/wp-content\/uploads\/2022\/04\/gs-potencia.svg","pix-big-width":1,"pix-big-height":1,"pix-square-sm":"https:\/\/prilux.es\/wp-content\/uploads\/2022\/04\/gs-potencia.svg","pix-square-sm-width":1,"pix-square-sm-height":1,"pix-woocommerce-xs":"https:\/\/prilux.es\/wp-content\/uploads\/2022\/04\/gs-potencia.svg","pix-woocommerce-xs-width":1,"pix-woocommerce-xs-height":1,"pix-woocommerce-md":"https:\/\/prilux.es\/wp-content\/uploads\/2022\/04\/gs-potencia.svg","pix-woocommerce-md-width":1,"pix-woocommerce-md-height":1,"pix-xxl":"https:\/\/prilux.es\/wp-content\/uploads\/2022\/04\/gs-potencia.svg","pix-xxl-width":1,"pix-xxl-height":1,"woocommerce_thumbnail":"https:\/\/prilux.es\/wp-content\/uploads\/2022\/04\/gs-potencia.svg","woocommerce_thumbnail-width":1,"woocommerce_thumbnail-height":1,"woocommerce_single":"https:\/\/prilux.es\/wp-content\/uploads\/2022\/04\/gs-potencia.svg","woocommerce_single-width":1,"woocommerce_single-height":1,"woocommerce_gallery_thumbnail":"https:\/\/prilux.es\/wp-content\/uploads\/2022\/04\/gs-potencia.svg","woocommerce_gallery_thumbnail-width":1,"woocommerce_gallery_thumbnail-height":1,"shop_catalog":"https:\/\/prilux.es\/wp-content\/uploads\/2022\/04\/gs-potencia.svg","shop_catalog-width":1,"shop_catalog-height":1,"shop_single":"https:\/\/prilux.es\/wp-content\/uploads\/2022\/04\/gs-potencia.svg","shop_single-width":1,"shop_single-height":1,"shop_thumbnail":"https:\/\/prilux.es\/wp-content\/uploads\/2022\/04\/gs-potencia.svg","shop_thumbnail-width":1,"shop_thumbnail-height":1}},"caracteristicas_city_2_imagen":{"ID":58950,"id":58950,"title":"gs-flujo-luminoso","filename":"gs-flujo-luminoso.svg","filesize":328,"url":"https:\/\/prilux.es\/wp-content\/uploads\/2022\/04\/gs-flujo-luminoso.svg","link":"https:\/\/prilux.es\/fr\/gs-flujo-luminoso-2\/","alt":"","author":"2","description":"","caption":"","name":"gs-flujo-luminoso-2","status":"inherit","uploaded_to":0,"date":"2022-04-19 13:48:43","modified":"2022-04-19 13:48:43","menu_order":0,"mime_type":"image\/svg+xml","type":"image","subtype":"svg+xml","icon":"https:\/\/prilux.es\/wp-includes\/images\/media\/default.png","width":0,"height":0,"sizes":{"thumbnail":"https:\/\/prilux.es\/wp-content\/uploads\/2022\/04\/gs-flujo-luminoso.svg","thumbnail-width":1,"thumbnail-height":1,"medium":"https:\/\/prilux.es\/wp-content\/uploads\/2022\/04\/gs-flujo-luminoso.svg","medium-width":1,"medium-height":1,"medium_large":"https:\/\/prilux.es\/wp-content\/uploads\/2022\/04\/gs-flujo-luminoso.svg","medium_large-width":1,"medium_large-height":1,"large":"https:\/\/prilux.es\/wp-content\/uploads\/2022\/04\/gs-flujo-luminoso.svg","large-width":1,"large-height":1,"1536x1536":"https:\/\/prilux.es\/wp-content\/uploads\/2022\/04\/gs-flujo-luminoso.svg","1536x1536-width":1,"1536x1536-height":1,"2048x2048":"https:\/\/prilux.es\/wp-content\/uploads\/2022\/04\/gs-flujo-luminoso.svg","2048x2048-width":1,"2048x2048-height":1,"pix-blog-small":"https:\/\/prilux.es\/wp-content\/uploads\/2022\/04\/gs-flujo-luminoso.svg","pix-blog-small-width":1,"pix-blog-small-height":1,"pix-portfolio-small":"https:\/\/prilux.es\/wp-content\/uploads\/2022\/04\/gs-flujo-luminoso.svg","pix-portfolio-small-width":1,"pix-portfolio-small-height":1,"pix-big":"https:\/\/prilux.es\/wp-content\/uploads\/2022\/04\/gs-flujo-luminoso.svg","pix-big-width":1,"pix-big-height":1,"pix-square-sm":"https:\/\/prilux.es\/wp-content\/uploads\/2022\/04\/gs-flujo-luminoso.svg","pix-square-sm-width":1,"pix-square-sm-height":1,"pix-woocommerce-xs":"https:\/\/prilux.es\/wp-content\/uploads\/2022\/04\/gs-flujo-luminoso.svg","pix-woocommerce-xs-width":1,"pix-woocommerce-xs-height":1,"pix-woocommerce-md":"https:\/\/prilux.es\/wp-content\/uploads\/2022\/04\/gs-flujo-luminoso.svg","pix-woocommerce-md-width":1,"pix-woocommerce-md-height":1,"pix-xxl":"https:\/\/prilux.es\/wp-content\/uploads\/2022\/04\/gs-flujo-luminoso.svg","pix-xxl-width":1,"pix-xxl-height":1,"woocommerce_thumbnail":"https:\/\/prilux.es\/wp-content\/uploads\/2022\/04\/gs-flujo-luminoso.svg","woocommerce_thumbnail-width":1,"woocommerce_thumbnail-height":1,"woocommerce_single":"https:\/\/prilux.es\/wp-content\/uploads\/2022\/04\/gs-flujo-luminoso.svg","woocommerce_single-width":1,"woocommerce_single-height":1,"woocommerce_gallery_thumbnail":"https:\/\/prilux.es\/wp-content\/uploads\/2022\/04\/gs-flujo-luminoso.svg","woocommerce_gallery_thumbnail-width":1,"woocommerce_gallery_thumbnail-height":1,"shop_catalog":"https:\/\/prilux.es\/wp-content\/uploads\/2022\/04\/gs-flujo-luminoso.svg","shop_catalog-width":1,"shop_catalog-height":1,"shop_single":"https:\/\/prilux.es\/wp-content\/uploads\/2022\/04\/gs-flujo-luminoso.svg","shop_single-width":1,"shop_single-height":1,"shop_thumbnail":"https:\/\/prilux.es\/wp-content\/uploads\/2022\/04\/gs-flujo-luminoso.svg","shop_thumbnail-width":1,"shop_thumbnail-height":1}},"caracteristicas_city_3_imagen":{"ID":58718,"id":58718,"title":"gs-cct","filename":"gs-cct.svg","filesize":250,"url":"https:\/\/prilux.es\/wp-content\/uploads\/2022\/04\/gs-cct.svg","link":"https:\/\/prilux.es\/fr\/gs-cct-2\/","alt":"","author":"2","description":"","caption":"","name":"gs-cct-2","status":"inherit","uploaded_to":0,"date":"2022-04-19 13:47:41","modified":"2022-04-19 13:47:41","menu_order":0,"mime_type":"image\/svg+xml","type":"image","subtype":"svg+xml","icon":"https:\/\/prilux.es\/wp-includes\/images\/media\/default.png","width":0,"height":0,"sizes":{"thumbnail":"https:\/\/prilux.es\/wp-content\/uploads\/2022\/04\/gs-cct.svg","thumbnail-width":1,"thumbnail-height":1,"medium":"https:\/\/prilux.es\/wp-content\/uploads\/2022\/04\/gs-cct.svg","medium-width":1,"medium-height":1,"medium_large":"https:\/\/prilux.es\/wp-content\/uploads\/2022\/04\/gs-cct.svg","medium_large-width":1,"medium_large-height":1,"large":"https:\/\/prilux.es\/wp-content\/uploads\/2022\/04\/gs-cct.svg","large-width":1,"large-height":1,"1536x1536":"https:\/\/prilux.es\/wp-content\/uploads\/2022\/04\/gs-cct.svg","1536x1536-width":1,"1536x1536-height":1,"2048x2048":"https:\/\/prilux.es\/wp-content\/uploads\/2022\/04\/gs-cct.svg","2048x2048-width":1,"2048x2048-height":1,"pix-blog-small":"https:\/\/prilux.es\/wp-content\/uploads\/2022\/04\/gs-cct.svg","pix-blog-small-width":1,"pix-blog-small-height":1,"pix-portfolio-small":"https:\/\/prilux.es\/wp-content\/uploads\/2022\/04\/gs-cct.svg","pix-portfolio-small-width":1,"pix-portfolio-small-height":1,"pix-big":"https:\/\/prilux.es\/wp-content\/uploads\/2022\/04\/gs-cct.svg","pix-big-width":1,"pix-big-height":1,"pix-square-sm":"https:\/\/prilux.es\/wp-content\/uploads\/2022\/04\/gs-cct.svg","pix-square-sm-width":1,"pix-square-sm-height":1,"pix-woocommerce-xs":"https:\/\/prilux.es\/wp-content\/uploads\/2022\/04\/gs-cct.svg","pix-woocommerce-xs-width":1,"pix-woocommerce-xs-height":1,"pix-woocommerce-md":"https:\/\/prilux.es\/wp-content\/uploads\/2022\/04\/gs-cct.svg","pix-woocommerce-md-width":1,"pix-woocommerce-md-height":1,"pix-xxl":"https:\/\/prilux.es\/wp-content\/uploads\/2022\/04\/gs-cct.svg","pix-xxl-width":1,"pix-xxl-height":1,"woocommerce_thumbnail":"https:\/\/prilux.es\/wp-content\/uploads\/2022\/04\/gs-cct.svg","woocommerce_thumbnail-width":1,"woocommerce_thumbnail-height":1,"woocommerce_single":"https:\/\/prilux.es\/wp-content\/uploads\/2022\/04\/gs-cct.svg","woocommerce_single-width":1,"woocommerce_single-height":1,"woocommerce_gallery_thumbnail":"https:\/\/prilux.es\/wp-content\/uploads\/2022\/04\/gs-cct.svg","woocommerce_gallery_thumbnail-width":1,"woocommerce_gallery_thumbnail-height":1,"shop_catalog":"https:\/\/prilux.es\/wp-content\/uploads\/2022\/04\/gs-cct.svg","shop_catalog-width":1,"shop_catalog-height":1,"shop_single":"https:\/\/prilux.es\/wp-content\/uploads\/2022\/04\/gs-cct.svg","shop_single-width":1,"shop_single-height":1,"shop_thumbnail":"https:\/\/prilux.es\/wp-content\/uploads\/2022\/04\/gs-cct.svg","shop_thumbnail-width":1,"shop_thumbnail-height":1}},"caracteristicas_city_4_imagen":{"ID":59082,"id":59082,"title":"gs-ip","filename":"gs-ip.svg","filesize":540,"url":"https:\/\/prilux.es\/wp-content\/uploads\/2022\/04\/gs-ip.svg","link":"https:\/\/prilux.es\/fr\/gs-ip-2-2\/","alt":"","author":"2","description":"","caption":"","name":"gs-ip-2-2","status":"inherit","uploaded_to":0,"date":"2022-04-19 13:49:19","modified":"2022-04-19 13:49:19","menu_order":0,"mime_type":"image\/svg+xml","type":"image","subtype":"svg+xml","icon":"https:\/\/prilux.es\/wp-includes\/images\/media\/default.png","width":0,"height":0,"sizes":{"thumbnail":"https:\/\/prilux.es\/wp-content\/uploads\/2022\/04\/gs-ip.svg","thumbnail-width":1,"thumbnail-height":1,"medium":"https:\/\/prilux.es\/wp-content\/uploads\/2022\/04\/gs-ip.svg","medium-width":1,"medium-height":1,"medium_large":"https:\/\/prilux.es\/wp-content\/uploads\/2022\/04\/gs-ip.svg","medium_large-width":1,"medium_large-height":1,"large":"https:\/\/prilux.es\/wp-content\/uploads\/2022\/04\/gs-ip.svg","large-width":1,"large-height":1,"1536x1536":"https:\/\/prilux.es\/wp-content\/uploads\/2022\/04\/gs-ip.svg","1536x1536-width":1,"1536x1536-height":1,"2048x2048":"https:\/\/prilux.es\/wp-content\/uploads\/2022\/04\/gs-ip.svg","2048x2048-width":1,"2048x2048-height":1,"pix-blog-small":"https:\/\/prilux.es\/wp-content\/uploads\/2022\/04\/gs-ip.svg","pix-blog-small-width":1,"pix-blog-small-height":1,"pix-portfolio-small":"https:\/\/prilux.es\/wp-content\/uploads\/2022\/04\/gs-ip.svg","pix-portfolio-small-width":1,"pix-portfolio-small-height":1,"pix-big":"https:\/\/prilux.es\/wp-content\/uploads\/2022\/04\/gs-ip.svg","pix-big-width":1,"pix-big-height":1,"pix-square-sm":"https:\/\/prilux.es\/wp-content\/uploads\/2022\/04\/gs-ip.svg","pix-square-sm-width":1,"pix-square-sm-height":1,"pix-woocommerce-xs":"https:\/\/prilux.es\/wp-content\/uploads\/2022\/04\/gs-ip.svg","pix-woocommerce-xs-width":1,"pix-woocommerce-xs-height":1,"pix-woocommerce-md":"https:\/\/prilux.es\/wp-content\/uploads\/2022\/04\/gs-ip.svg","pix-woocommerce-md-width":1,"pix-woocommerce-md-height":1,"pix-xxl":"https:\/\/prilux.es\/wp-content\/uploads\/2022\/04\/gs-ip.svg","pix-xxl-width":1,"pix-xxl-height":1,"woocommerce_thumbnail":"https:\/\/prilux.es\/wp-content\/uploads\/2022\/04\/gs-ip.svg","woocommerce_thumbnail-width":1,"woocommerce_thumbnail-height":1,"woocommerce_single":"https:\/\/prilux.es\/wp-content\/uploads\/2022\/04\/gs-ip.svg","woocommerce_single-width":1,"woocommerce_single-height":1,"woocommerce_gallery_thumbnail":"https:\/\/prilux.es\/wp-content\/uploads\/2022\/04\/gs-ip.svg","woocommerce_gallery_thumbnail-width":1,"woocommerce_gallery_thumbnail-height":1,"shop_catalog":"https:\/\/prilux.es\/wp-content\/uploads\/2022\/04\/gs-ip.svg","shop_catalog-width":1,"shop_catalog-height":1,"shop_single":"https:\/\/prilux.es\/wp-content\/uploads\/2022\/04\/gs-ip.svg","shop_single-width":1,"shop_single-height":1,"shop_thumbnail":"https:\/\/prilux.es\/wp-content\/uploads\/2022\/04\/gs-ip.svg","shop_thumbnail-width":1,"shop_thumbnail-height":1}},"caracteristicas_city_5_imagen":{"ID":59026,"id":59026,"title":"gs-ik","filename":"gs-ik.svg","filesize":493,"url":"https:\/\/prilux.es\/wp-content\/uploads\/2022\/04\/gs-ik.svg","link":"https:\/\/prilux.es\/fr\/gs-ik-2-2\/","alt":"","author":"2","description":"","caption":"","name":"gs-ik-2-2","status":"inherit","uploaded_to":0,"date":"2022-04-19 13:49:04","modified":"2022-04-19 13:49:04","menu_order":0,"mime_type":"image\/svg+xml","type":"image","subtype":"svg+xml","icon":"https:\/\/prilux.es\/wp-includes\/images\/media\/default.png","width":0,"height":0,"sizes":{"thumbnail":"https:\/\/prilux.es\/wp-content\/uploads\/2022\/04\/gs-ik.svg","thumbnail-width":1,"thumbnail-height":1,"medium":"https:\/\/prilux.es\/wp-content\/uploads\/2022\/04\/gs-ik.svg","medium-width":1,"medium-height":1,"medium_large":"https:\/\/prilux.es\/wp-content\/uploads\/2022\/04\/gs-ik.svg","medium_large-width":1,"medium_large-height":1,"large":"https:\/\/prilux.es\/wp-content\/uploads\/2022\/04\/gs-ik.svg","large-width":1,"large-height":1,"1536x1536":"https:\/\/prilux.es\/wp-content\/uploads\/2022\/04\/gs-ik.svg","1536x1536-width":1,"1536x1536-height":1,"2048x2048":"https:\/\/prilux.es\/wp-content\/uploads\/2022\/04\/gs-ik.svg","2048x2048-width":1,"2048x2048-height":1,"pix-blog-small":"https:\/\/prilux.es\/wp-content\/uploads\/2022\/04\/gs-ik.svg","pix-blog-small-width":1,"pix-blog-small-height":1,"pix-portfolio-small":"https:\/\/prilux.es\/wp-content\/uploads\/2022\/04\/gs-ik.svg","pix-portfolio-small-width":1,"pix-portfolio-small-height":1,"pix-big":"https:\/\/prilux.es\/wp-content\/uploads\/2022\/04\/gs-ik.svg","pix-big-width":1,"pix-big-height":1,"pix-square-sm":"https:\/\/prilux.es\/wp-content\/uploads\/2022\/04\/gs-ik.svg","pix-square-sm-width":1,"pix-square-sm-height":1,"pix-woocommerce-xs":"https:\/\/prilux.es\/wp-content\/uploads\/2022\/04\/gs-ik.svg","pix-woocommerce-xs-width":1,"pix-woocommerce-xs-height":1,"pix-woocommerce-md":"https:\/\/prilux.es\/wp-content\/uploads\/2022\/04\/gs-ik.svg","pix-woocommerce-md-width":1,"pix-woocommerce-md-height":1,"pix-xxl":"https:\/\/prilux.es\/wp-content\/uploads\/2022\/04\/gs-ik.svg","pix-xxl-width":1,"pix-xxl-height":1,"woocommerce_thumbnail":"https:\/\/prilux.es\/wp-content\/uploads\/2022\/04\/gs-ik.svg","woocommerce_thumbnail-width":1,"woocommerce_thumbnail-height":1,"woocommerce_single":"https:\/\/prilux.es\/wp-content\/uploads\/2022\/04\/gs-ik.svg","woocommerce_single-width":1,"woocommerce_single-height":1,"woocommerce_gallery_thumbnail":"https:\/\/prilux.es\/wp-content\/uploads\/2022\/04\/gs-ik.svg","woocommerce_gallery_thumbnail-width":1,"woocommerce_gallery_thumbnail-height":1,"shop_catalog":"https:\/\/prilux.es\/wp-content\/uploads\/2022\/04\/gs-ik.svg","shop_catalog-width":1,"shop_catalog-height":1,"shop_single":"https:\/\/prilux.es\/wp-content\/uploads\/2022\/04\/gs-ik.svg","shop_single-width":1,"shop_single-height":1,"shop_thumbnail":"https:\/\/prilux.es\/wp-content\/uploads\/2022\/04\/gs-ik.svg","shop_thumbnail-width":1,"shop_thumbnail-height":1}},"caracteristicas_city_6_imagen":{"ID":59382,"id":59382,"title":"gs-vida-util","filename":"gs-vida-util.svg","filesize":451,"url":"https:\/\/prilux.es\/wp-content\/uploads\/2022\/04\/gs-vida-util.svg","link":"https:\/\/prilux.es\/fr\/gs-vida-util-2\/","alt":"","author":"2","description":"","caption":"","name":"gs-vida-util-2","status":"inherit","uploaded_to":0,"date":"2022-04-19 13:50:42","modified":"2022-04-19 13:50:42","menu_order":0,"mime_type":"image\/svg+xml","type":"image","subtype":"svg+xml","icon":"https:\/\/prilux.es\/wp-includes\/images\/media\/default.png","width":0,"height":0,"sizes":{"thumbnail":"https:\/\/prilux.es\/wp-content\/uploads\/2022\/04\/gs-vida-util.svg","thumbnail-width":1,"thumbnail-height":1,"medium":"https:\/\/prilux.es\/wp-content\/uploads\/2022\/04\/gs-vida-util.svg","medium-width":1,"medium-height":1,"medium_large":"https:\/\/prilux.es\/wp-content\/uploads\/2022\/04\/gs-vida-util.svg","medium_large-width":1,"medium_large-height":1,"large":"https:\/\/prilux.es\/wp-content\/uploads\/2022\/04\/gs-vida-util.svg","large-width":1,"large-height":1,"1536x1536":"https:\/\/prilux.es\/wp-content\/uploads\/2022\/04\/gs-vida-util.svg","1536x1536-width":1,"1536x1536-height":1,"2048x2048":"https:\/\/prilux.es\/wp-content\/uploads\/2022\/04\/gs-vida-util.svg","2048x2048-width":1,"2048x2048-height":1,"pix-blog-small":"https:\/\/prilux.es\/wp-content\/uploads\/2022\/04\/gs-vida-util.svg","pix-blog-small-width":1,"pix-blog-small-height":1,"pix-portfolio-small":"https:\/\/prilux.es\/wp-content\/uploads\/2022\/04\/gs-vida-util.svg","pix-portfolio-small-width":1,"pix-portfolio-small-height":1,"pix-big":"https:\/\/prilux.es\/wp-content\/uploads\/2022\/04\/gs-vida-util.svg","pix-big-width":1,"pix-big-height":1,"pix-square-sm":"https:\/\/prilux.es\/wp-content\/uploads\/2022\/04\/gs-vida-util.svg","pix-square-sm-width":1,"pix-square-sm-height":1,"pix-woocommerce-xs":"https:\/\/prilux.es\/wp-content\/uploads\/2022\/04\/gs-vida-util.svg","pix-woocommerce-xs-width":1,"pix-woocommerce-xs-height":1,"pix-woocommerce-md":"https:\/\/prilux.es\/wp-content\/uploads\/2022\/04\/gs-vida-util.svg","pix-woocommerce-md-width":1,"pix-woocommerce-md-height":1,"pix-xxl":"https:\/\/prilux.es\/wp-content\/uploads\/2022\/04\/gs-vida-util.svg","pix-xxl-width":1,"pix-xxl-height":1,"woocommerce_thumbnail":"https:\/\/prilux.es\/wp-content\/uploads\/2022\/04\/gs-vida-util.svg","woocommerce_thumbnail-width":1,"woocommerce_thumbnail-height":1,"woocommerce_single":"https:\/\/prilux.es\/wp-content\/uploads\/2022\/04\/gs-vida-util.svg","woocommerce_single-width":1,"woocommerce_single-height":1,"woocommerce_gallery_thumbnail":"https:\/\/prilux.es\/wp-content\/uploads\/2022\/04\/gs-vida-util.svg","woocommerce_gallery_thumbnail-width":1,"woocommerce_gallery_thumbnail-height":1,"shop_catalog":"https:\/\/prilux.es\/wp-content\/uploads\/2022\/04\/gs-vida-util.svg","shop_catalog-width":1,"shop_catalog-height":1,"shop_single":"https:\/\/prilux.es\/wp-content\/uploads\/2022\/04\/gs-vida-util.svg","shop_single-width":1,"shop_single-height":1,"shop_thumbnail":"https:\/\/prilux.es\/wp-content\/uploads\/2022\/04\/gs-vida-util.svg","shop_thumbnail-width":1,"shop_thumbnail-height":1}},"aplicacion_1_imagen":{"ID":59683,"id":59683,"title":"apl-industria-logistica","filename":"apl-industria-logistica-1.svg","filesize":1519,"url":"https:\/\/prilux.es\/wp-content\/uploads\/2022\/04\/apl-industria-logistica-1.svg","link":"https:\/\/prilux.es\/fr\/apl-industria-logistica-2\/","alt":"","author":"2","description":"","caption":"","name":"apl-industria-logistica-2","status":"inherit","uploaded_to":0,"date":"2022-04-25 11:47:59","modified":"2022-04-25 11:47:59","menu_order":0,"mime_type":"image\/svg+xml","type":"image","subtype":"svg+xml","icon":"https:\/\/prilux.es\/wp-includes\/images\/media\/default.png","width":0,"height":0,"sizes":{"thumbnail":"https:\/\/prilux.es\/wp-content\/uploads\/2022\/04\/apl-industria-logistica-1.svg","thumbnail-width":1,"thumbnail-height":1,"medium":"https:\/\/prilux.es\/wp-content\/uploads\/2022\/04\/apl-industria-logistica-1.svg","medium-width":1,"medium-height":1,"medium_large":"https:\/\/prilux.es\/wp-content\/uploads\/2022\/04\/apl-industria-logistica-1.svg","medium_large-width":1,"medium_large-height":1,"large":"https:\/\/prilux.es\/wp-content\/uploads\/2022\/04\/apl-industria-logistica-1.svg","large-width":1,"large-height":1,"1536x1536":"https:\/\/prilux.es\/wp-content\/uploads\/2022\/04\/apl-industria-logistica-1.svg","1536x1536-width":1,"1536x1536-height":1,"2048x2048":"https:\/\/prilux.es\/wp-content\/uploads\/2022\/04\/apl-industria-logistica-1.svg","2048x2048-width":1,"2048x2048-height":1,"pix-blog-small":"https:\/\/prilux.es\/wp-content\/uploads\/2022\/04\/apl-industria-logistica-1.svg","pix-blog-small-width":1,"pix-blog-small-height":1,"pix-portfolio-small":"https:\/\/prilux.es\/wp-content\/uploads\/2022\/04\/apl-industria-logistica-1.svg","pix-portfolio-small-width":1,"pix-portfolio-small-height":1,"pix-big":"https:\/\/prilux.es\/wp-content\/uploads\/2022\/04\/apl-industria-logistica-1.svg","pix-big-width":1,"pix-big-height":1,"pix-square-sm":"https:\/\/prilux.es\/wp-content\/uploads\/2022\/04\/apl-industria-logistica-1.svg","pix-square-sm-width":1,"pix-square-sm-height":1,"pix-woocommerce-xs":"https:\/\/prilux.es\/wp-content\/uploads\/2022\/04\/apl-industria-logistica-1.svg","pix-woocommerce-xs-width":1,"pix-woocommerce-xs-height":1,"pix-woocommerce-md":"https:\/\/prilux.es\/wp-content\/uploads\/2022\/04\/apl-industria-logistica-1.svg","pix-woocommerce-md-width":1,"pix-woocommerce-md-height":1,"pix-xxl":"https:\/\/prilux.es\/wp-content\/uploads\/2022\/04\/apl-industria-logistica-1.svg","pix-xxl-width":1,"pix-xxl-height":1,"woocommerce_thumbnail":"https:\/\/prilux.es\/wp-content\/uploads\/2022\/04\/apl-industria-logistica-1.svg","woocommerce_thumbnail-width":1,"woocommerce_thumbnail-height":1,"woocommerce_single":"https:\/\/prilux.es\/wp-content\/uploads\/2022\/04\/apl-industria-logistica-1.svg","woocommerce_single-width":1,"woocommerce_single-height":1,"woocommerce_gallery_thumbnail":"https:\/\/prilux.es\/wp-content\/uploads\/2022\/04\/apl-industria-logistica-1.svg","woocommerce_gallery_thumbnail-width":1,"woocommerce_gallery_thumbnail-height":1,"shop_catalog":"https:\/\/prilux.es\/wp-content\/uploads\/2022\/04\/apl-industria-logistica-1.svg","shop_catalog-width":1,"shop_catalog-height":1,"shop_single":"https:\/\/prilux.es\/wp-content\/uploads\/2022\/04\/apl-industria-logistica-1.svg","shop_single-width":1,"shop_single-height":1,"shop_thumbnail":"https:\/\/prilux.es\/wp-content\/uploads\/2022\/04\/apl-industria-logistica-1.svg","shop_thumbnail-width":1,"shop_thumbnail-height":1}},"aplicacion_2_imagen":{"ID":59699,"id":59699,"title":"apl-parking-cubierto","filename":"apl-parking-cubierto-2.svg","filesize":2291,"url":"https:\/\/prilux.es\/wp-content\/uploads\/2022\/04\/apl-parking-cubierto-2.svg","link":"https:\/\/prilux.es\/fr\/apl-parking-cubierto-2\/","alt":"","author":"2","description":"","caption":"","name":"apl-parking-cubierto-2","status":"inherit","uploaded_to":0,"date":"2022-04-25 11:48:07","modified":"2022-04-25 11:48:07","menu_order":0,"mime_type":"image\/svg+xml","type":"image","subtype":"svg+xml","icon":"https:\/\/prilux.es\/wp-includes\/images\/media\/default.png","width":0,"height":0,"sizes":{"thumbnail":"https:\/\/prilux.es\/wp-content\/uploads\/2022\/04\/apl-parking-cubierto-2.svg","thumbnail-width":1,"thumbnail-height":1,"medium":"https:\/\/prilux.es\/wp-content\/uploads\/2022\/04\/apl-parking-cubierto-2.svg","medium-width":1,"medium-height":1,"medium_large":"https:\/\/prilux.es\/wp-content\/uploads\/2022\/04\/apl-parking-cubierto-2.svg","medium_large-width":1,"medium_large-height":1,"large":"https:\/\/prilux.es\/wp-content\/uploads\/2022\/04\/apl-parking-cubierto-2.svg","large-width":1,"large-height":1,"1536x1536":"https:\/\/prilux.es\/wp-content\/uploads\/2022\/04\/apl-parking-cubierto-2.svg","1536x1536-width":1,"1536x1536-height":1,"2048x2048":"https:\/\/prilux.es\/wp-content\/uploads\/2022\/04\/apl-parking-cubierto-2.svg","2048x2048-width":1,"2048x2048-height":1,"pix-blog-small":"https:\/\/prilux.es\/wp-content\/uploads\/2022\/04\/apl-parking-cubierto-2.svg","pix-blog-small-width":1,"pix-blog-small-height":1,"pix-portfolio-small":"https:\/\/prilux.es\/wp-content\/uploads\/2022\/04\/apl-parking-cubierto-2.svg","pix-portfolio-small-width":1,"pix-portfolio-small-height":1,"pix-big":"https:\/\/prilux.es\/wp-content\/uploads\/2022\/04\/apl-parking-cubierto-2.svg","pix-big-width":1,"pix-big-height":1,"pix-square-sm":"https:\/\/prilux.es\/wp-content\/uploads\/2022\/04\/apl-parking-cubierto-2.svg","pix-square-sm-width":1,"pix-square-sm-height":1,"pix-woocommerce-xs":"https:\/\/prilux.es\/wp-content\/uploads\/2022\/04\/apl-parking-cubierto-2.svg","pix-woocommerce-xs-width":1,"pix-woocommerce-xs-height":1,"pix-woocommerce-md":"https:\/\/prilux.es\/wp-content\/uploads\/2022\/04\/apl-parking-cubierto-2.svg","pix-woocommerce-md-width":1,"pix-woocommerce-md-height":1,"pix-xxl":"https:\/\/prilux.es\/wp-content\/uploads\/2022\/04\/apl-parking-cubierto-2.svg","pix-xxl-width":1,"pix-xxl-height":1,"woocommerce_thumbnail":"https:\/\/prilux.es\/wp-content\/uploads\/2022\/04\/apl-parking-cubierto-2.svg","woocommerce_thumbnail-width":1,"woocommerce_thumbnail-height":1,"woocommerce_single":"https:\/\/prilux.es\/wp-content\/uploads\/2022\/04\/apl-parking-cubierto-2.svg","woocommerce_single-width":1,"woocommerce_single-height":1,"woocommerce_gallery_thumbnail":"https:\/\/prilux.es\/wp-content\/uploads\/2022\/04\/apl-parking-cubierto-2.svg","woocommerce_gallery_thumbnail-width":1,"woocommerce_gallery_thumbnail-height":1,"shop_catalog":"https:\/\/prilux.es\/wp-content\/uploads\/2022\/04\/apl-parking-cubierto-2.svg","shop_catalog-width":1,"shop_catalog-height":1,"shop_single":"https:\/\/prilux.es\/wp-content\/uploads\/2022\/04\/apl-parking-cubierto-2.svg","shop_single-width":1,"shop_single-height":1,"shop_thumbnail":"https:\/\/prilux.es\/wp-content\/uploads\/2022\/04\/apl-parking-cubierto-2.svg","shop_thumbnail-width":1,"shop_thumbnail-height":1}},"aplicacion_3_imagen":{"ID":59763,"id":59763,"title":"apl-zonas-industriales","filename":"apl-zonas-industriales-1.svg","filesize":1605,"url":"https:\/\/prilux.es\/wp-content\/uploads\/2022\/04\/apl-zonas-industriales-1.svg","link":"https:\/\/prilux.es\/fr\/apl-zonas-industriales-2\/","alt":"","author":"2","description":"","caption":"","name":"apl-zonas-industriales-2","status":"inherit","uploaded_to":0,"date":"2022-04-25 11:48:27","modified":"2022-04-25 11:48:27","menu_order":0,"mime_type":"image\/svg+xml","type":"image","subtype":"svg+xml","icon":"https:\/\/prilux.es\/wp-includes\/images\/media\/default.png","width":0,"height":0,"sizes":{"thumbnail":"https:\/\/prilux.es\/wp-content\/uploads\/2022\/04\/apl-zonas-industriales-1.svg","thumbnail-width":1,"thumbnail-height":1,"medium":"https:\/\/prilux.es\/wp-content\/uploads\/2022\/04\/apl-zonas-industriales-1.svg","medium-width":1,"medium-height":1,"medium_large":"https:\/\/prilux.es\/wp-content\/uploads\/2022\/04\/apl-zonas-industriales-1.svg","medium_large-width":1,"medium_large-height":1,"large":"https:\/\/prilux.es\/wp-content\/uploads\/2022\/04\/apl-zonas-industriales-1.svg","large-width":1,"large-height":1,"1536x1536":"https:\/\/prilux.es\/wp-content\/uploads\/2022\/04\/apl-zonas-industriales-1.svg","1536x1536-width":1,"1536x1536-height":1,"2048x2048":"https:\/\/prilux.es\/wp-content\/uploads\/2022\/04\/apl-zonas-industriales-1.svg","2048x2048-width":1,"2048x2048-height":1,"pix-blog-small":"https:\/\/prilux.es\/wp-content\/uploads\/2022\/04\/apl-zonas-industriales-1.svg","pix-blog-small-width":1,"pix-blog-small-height":1,"pix-portfolio-small":"https:\/\/prilux.es\/wp-content\/uploads\/2022\/04\/apl-zonas-industriales-1.svg","pix-portfolio-small-width":1,"pix-portfolio-small-height":1,"pix-big":"https:\/\/prilux.es\/wp-content\/uploads\/2022\/04\/apl-zonas-industriales-1.svg","pix-big-width":1,"pix-big-height":1,"pix-square-sm":"https:\/\/prilux.es\/wp-content\/uploads\/2022\/04\/apl-zonas-industriales-1.svg","pix-square-sm-width":1,"pix-square-sm-height":1,"pix-woocommerce-xs":"https:\/\/prilux.es\/wp-content\/uploads\/2022\/04\/apl-zonas-industriales-1.svg","pix-woocommerce-xs-width":1,"pix-woocommerce-xs-height":1,"pix-woocommerce-md":"https:\/\/prilux.es\/wp-content\/uploads\/2022\/04\/apl-zonas-industriales-1.svg","pix-woocommerce-md-width":1,"pix-woocommerce-md-height":1,"pix-xxl":"https:\/\/prilux.es\/wp-content\/uploads\/2022\/04\/apl-zonas-industriales-1.svg","pix-xxl-width":1,"pix-xxl-height":1,"woocommerce_thumbnail":"https:\/\/prilux.es\/wp-content\/uploads\/2022\/04\/apl-zonas-industriales-1.svg","woocommerce_thumbnail-width":1,"woocommerce_thumbnail-height":1,"woocommerce_single":"https:\/\/prilux.es\/wp-content\/uploads\/2022\/04\/apl-zonas-industriales-1.svg","woocommerce_single-width":1,"woocommerce_single-height":1,"woocommerce_gallery_thumbnail":"https:\/\/prilux.es\/wp-content\/uploads\/2022\/04\/apl-zonas-industriales-1.svg","woocommerce_gallery_thumbnail-width":1,"woocommerce_gallery_thumbnail-height":1,"shop_catalog":"https:\/\/prilux.es\/wp-content\/uploads\/2022\/04\/apl-zonas-industriales-1.svg","shop_catalog-width":1,"shop_catalog-height":1,"shop_single":"https:\/\/prilux.es\/wp-content\/uploads\/2022\/04\/apl-zonas-industriales-1.svg","shop_single-width":1,"shop_single-height":1,"shop_thumbnail":"https:\/\/prilux.es\/wp-content\/uploads\/2022\/04\/apl-zonas-industriales-1.svg","shop_thumbnail-width":1,"shop_thumbnail-height":1}},"imagen_listado_familias":{"ID":2456470,"id":2456470,"title":"prilux-ambora-presentacion","filename":"prilux-ambora-presentacion.webp","filesize":72572,"url":"https:\/\/prilux.es\/wp-content\/uploads\/2026\/04\/prilux-ambora-presentacion.webp","link":"https:\/\/prilux.es\/fr\/prilux-ambora-presentacion-2\/","alt":"","author":"2","description":"","caption":"","name":"prilux-ambora-presentacion-2","status":"inherit","uploaded_to":0,"date":"2026-04-17 09:08:20","modified":"2026-04-17 09:11:52","menu_order":0,"mime_type":"image\/webp","type":"image","subtype":"webp","icon":"https:\/\/prilux.es\/wp-includes\/images\/media\/default.png","width":961,"height":710,"sizes":{"thumbnail":"https:\/\/prilux.es\/wp-content\/uploads\/2026\/04\/prilux-ambora-presentacion-150x150.webp","thumbnail-width":150,"thumbnail-height":150,"medium":"https:\/\/prilux.es\/wp-content\/uploads\/2026\/04\/prilux-ambora-presentacion-300x222.webp","medium-width":300,"medium-height":222,"medium_large":"https:\/\/prilux.es\/wp-content\/uploads\/2026\/04\/prilux-ambora-presentacion-768x567.webp","medium_large-width":640,"medium_large-height":473,"large":"https:\/\/prilux.es\/wp-content\/uploads\/2026\/04\/prilux-ambora-presentacion.webp","large-width":640,"large-height":473,"1536x1536":"https:\/\/prilux.es\/wp-content\/uploads\/2026\/04\/prilux-ambora-presentacion.webp","1536x1536-width":961,"1536x1536-height":710,"2048x2048":"https:\/\/prilux.es\/wp-content\/uploads\/2026\/04\/prilux-ambora-presentacion.webp","2048x2048-width":961,"2048x2048-height":710,"pix-blog-small":"https:\/\/prilux.es\/wp-content\/uploads\/2026\/04\/prilux-ambora-presentacion-622x400.webp","pix-blog-small-width":622,"pix-blog-small-height":400,"pix-portfolio-small":"https:\/\/prilux.es\/wp-content\/uploads\/2026\/04\/prilux-ambora-presentacion-600x450.webp","pix-portfolio-small-width":600,"pix-portfolio-small-height":450,"pix-big":"https:\/\/prilux.es\/wp-content\/uploads\/2026\/04\/prilux-ambora-presentacion-600x450.webp","pix-big-width":600,"pix-big-height":450,"pix-square-sm":"https:\/\/prilux.es\/wp-content\/uploads\/2026\/04\/prilux-ambora-presentacion-400x400.webp","pix-square-sm-width":400,"pix-square-sm-height":400,"pix-woocommerce-xs":"https:\/\/prilux.es\/wp-content\/uploads\/2026\/04\/prilux-ambora-presentacion-75x75.webp","pix-woocommerce-xs-width":75,"pix-woocommerce-xs-height":75,"pix-woocommerce-md":"https:\/\/prilux.es\/wp-content\/uploads\/2026\/04\/prilux-ambora-presentacion-460x460.webp","pix-woocommerce-md-width":460,"pix-woocommerce-md-height":460,"pix-xxl":"https:\/\/prilux.es\/wp-content\/uploads\/2026\/04\/prilux-ambora-presentacion.webp","pix-xxl-width":961,"pix-xxl-height":710,"woocommerce_thumbnail":"https:\/\/prilux.es\/wp-content\/uploads\/2026\/04\/prilux-ambora-presentacion-300x300.webp","woocommerce_thumbnail-width":300,"woocommerce_thumbnail-height":300,"woocommerce_single":"https:\/\/prilux.es\/wp-content\/uploads\/2026\/04\/prilux-ambora-presentacion-600x443.webp","woocommerce_single-width":600,"woocommerce_single-height":443,"woocommerce_gallery_thumbnail":"https:\/\/prilux.es\/wp-content\/uploads\/2026\/04\/prilux-ambora-presentacion-100x100.webp","woocommerce_gallery_thumbnail-width":100,"woocommerce_gallery_thumbnail-height":100,"shop_catalog":"https:\/\/prilux.es\/wp-content\/uploads\/2026\/04\/prilux-ambora-presentacion-300x300.webp","shop_catalog-width":300,"shop_catalog-height":300,"shop_single":"https:\/\/prilux.es\/wp-content\/uploads\/2026\/04\/prilux-ambora-presentacion-600x443.webp","shop_single-width":600,"shop_single-height":443,"shop_thumbnail":"https:\/\/prilux.es\/wp-content\/uploads\/2026\/04\/prilux-ambora-presentacion-100x100.webp","shop_thumbnail-width":100,"shop_thumbnail-height":100}}},"_links":{"self":[{"href":"https:\/\/prilux.es\/fr\/wp-json\/wp\/v2\/familia\/26494"}],"collection":[{"href":"https:\/\/prilux.es\/fr\/wp-json\/wp\/v2\/familia"}],"about":[{"href":"https:\/\/prilux.es\/fr\/wp-json\/wp\/v2\/taxonomies\/familia"}],"wp:post_type":[{"href":"https:\/\/prilux.es\/fr\/wp-json\/wp\/v2\/product?familia=26494"}],"curies":[{"name":"wp","href":"https:\/\/api.w.org\/{rel}","templated":true}]}}